{"id":75,"date":"2014-12-03T11:31:46","date_gmt":"2014-12-03T11:31:46","guid":{"rendered":"http:\/\/www.pravelashop.com\/blog\/?page_id=75"},"modified":"2020-12-18T19:29:17","modified_gmt":"2020-12-18T18:29:17","slug":"sobre-nosotros-blog-de-pravela","status":"publish","type":"page","link":"https:\/\/www.pravelashop.com\/blog\/sobre-nosotros-blog-de-pravela\/","title":{"rendered":"Sobre nosotros"},"content":{"rendered":"<p><a href=\"https:\/\/www.pravelapeluqueros.es\"><img loading=\"lazy\" class=\"wp-image-4989 size-full aligncenter\" src=\"https:\/\/www.pravelashop.com\/blog\/wp-content\/uploads\/2020\/12\/pravela-peluqueros-ofertas-promo-julio-2020-blog.jpg\" alt=\"peluqueria pravela peluqueros en telde vecindario las palmas de gran canaria\" width=\"900\" height=\"600\" srcset=\"https:\/\/www.pravelashop.com\/blog\/wp-content\/uploads\/2020\/12\/pravela-peluqueros-ofertas-promo-julio-2020-blog.jpg 900w, https:\/\/www.pravelashop.com\/blog\/wp-content\/uploads\/2020\/12\/pravela-peluqueros-ofertas-promo-julio-2020-blog-768x512.jpg 768w\" sizes=\"(max-width: 900px) 100vw, 900px\" \/><\/a><\/p>\n<h1><\/h1>\n<h1>Hola, gracias por elegir el blog de Pravela Shop<\/h1>\n<p>\u00a1Bienvenido! Nos encanta que hayas decidido pasarte por aqu\u00ed. En el blog de Pravela encontrar\u00e1s todos los<strong> productos y tratamientos disponibles en nuestra\u00a0tienda online <a title=\"Tienda online productos de peluqueria profesional\" href=\"http:\/\/www.pravelashop.com\" target=\"_blank\" rel=\"noopener noreferrer\">www.pravelashop.com<\/a><\/strong>, conocer\u00e1s las <strong>\u00faltimas tendencias en cuidado capilar<\/strong> y podr\u00e1s descubrir <strong><a title=\"Servicios de la peluquer\u00eda Pravela\" href=\"http:\/\/www.pravelapeluqueros.es\/\" target=\"_blank\" rel=\"noopener noreferrer\">los servicios que ofrecemos en nuestros salones de peluquer\u00eda<\/a><\/strong>.<\/p>\n<p>En estos 15 a\u00f1os de trayectoria hemos llevado la calidad como bandera con un \u00fanico objetivo: la satisfacci\u00f3n de todas las personas que han confiado en nosotros.<\/p>\n<p><a title=\"Peluquerias en Vecindario, Telde y Las Palmas de Gran Canaria\" href=\"https:\/\/www.pravelapeluqueros.es\/peluqueria-telde-las-palmas-vecindario-contacto\/peluqueria-pravela-vecindario\" target=\"_blank\" rel=\"noopener noreferrer\"><img loading=\"lazy\" class=\"aligncenter wp-image-4981\" src=\"https:\/\/www.pravelashop.com\/blog\/wp-content\/uploads\/2020\/12\/PELUQUERIA-SALON-VECINDARIO-PRAVELA-PELUQUEROS-23-e1608232037553.jpg\" alt=\"Peluqueria Pravela Peluqueros en Vecindario\" width=\"900\" height=\"333\" \/><\/a><\/p>\n<p><a href=\"https:\/\/www.pravelapeluqueros.es\/peluqueria-telde-las-palmas-vecindario-contacto\/peluqueria-pravela-las-palmas\"><img loading=\"lazy\" class=\"aligncenter wp-image-4984\" src=\"https:\/\/www.pravelashop.com\/blog\/wp-content\/uploads\/2020\/12\/PELUQUERIA-SALON-LAS_PALMAS-EL_BATAN-PRAVELA-PELUQUEROS-23.jpg\" alt=\"Peluqueria Pravela Peluqueros en Las Palmas de Gran Canaria\" width=\"900\" height=\"333\" srcset=\"https:\/\/www.pravelashop.com\/blog\/wp-content\/uploads\/2020\/12\/PELUQUERIA-SALON-LAS_PALMAS-EL_BATAN-PRAVELA-PELUQUEROS-23.jpg 851w, https:\/\/www.pravelashop.com\/blog\/wp-content\/uploads\/2020\/12\/PELUQUERIA-SALON-LAS_PALMAS-EL_BATAN-PRAVELA-PELUQUEROS-23-768x284.jpg 768w\" sizes=\"(max-width: 900px) 100vw, 900px\" \/><\/a><\/p>\n<p><a href=\"https:\/\/www.pravelapeluqueros.es\/peluqueria-telde-las-palmas-vecindario-contacto\/peluqueria-pravela-telde\"><img loading=\"lazy\" class=\"aligncenter wp-image-4987\" src=\"https:\/\/www.pravelashop.com\/blog\/wp-content\/uploads\/2020\/12\/PELUQUERIA-PRAVELA-PELUQUEROS-TELDE-23.jpg\" alt=\"Peluqueria Pravela Peluqueros en Telde\" width=\"900\" height=\"333\" srcset=\"https:\/\/www.pravelashop.com\/blog\/wp-content\/uploads\/2020\/12\/PELUQUERIA-PRAVELA-PELUQUEROS-TELDE-23.jpg 851w, https:\/\/www.pravelashop.com\/blog\/wp-content\/uploads\/2020\/12\/PELUQUERIA-PRAVELA-PELUQUEROS-TELDE-23-768x284.jpg 768w\" sizes=\"(max-width: 900px) 100vw, 900px\" \/><\/a><\/p>\n<h3><\/h3>\n<h3>Puedes encontrarnos en:<\/h3>\n<p style=\"text-align: justify;\">c\/ Felix Rodriguez Aleman, local 2 &#8211; 35200 Telde<\/p>\n<p style=\"text-align: justify;\">c\/ Severo Ochoa, num 2, local 2 &#8211; 35015 Las Palmas<\/p>\n<p style=\"text-align: justify;\">c\/ Perojo, num 22 A, local 4 &#8211; 35110 Vecindario<\/p>\n<h4 style=\"text-align: justify;\"><\/h4>\n<p style=\"text-align: right;\"><strong>\u00bfQuieres contactar con nosotros? \u00a1Es muy sencillo!<\/strong><\/p>\n<p style=\"text-align: right;\">Telf. <strong>928 93 43 73<\/strong><br \/>\nMovil. <strong>607 699 580<\/strong><br \/>\nEmail. <strong>info@pravelashop.com<\/strong><\/p>\n","protected":false},"excerpt":{"rendered":"<p>Hola, gracias por elegir el blog de Pravela Shop \u00a1Bienvenido! Nos encanta que hayas decidido pasarte por aqu\u00ed. En el blog de Pravela encontrar\u00e1s todos los productos y tratamientos disponibles en nuestra\u00a0tienda online www.pravelashop.com, conocer\u00e1s las \u00faltimas tendencias en cuidado capilar y podr\u00e1s descubrir los servicios que ofrecemos en nuestros salones de peluquer\u00eda. En estos<\/p>\n","protected":false},"author":1,"featured_media":0,"parent":0,"menu_order":0,"comment_status":"open","ping_status":"open","template":"","meta":[],"_links":{"self":[{"href":"https:\/\/www.pravelashop.com\/blog\/wp-json\/wp\/v2\/pages\/75"}],"collection":[{"href":"https:\/\/www.pravelashop.com\/blog\/wp-json\/wp\/v2\/pages"}],"about":[{"href":"https:\/\/www.pravelashop.com\/blog\/wp-json\/wp\/v2\/types\/page"}],"author":[{"embeddable":true,"href":"https:\/\/www.pravelashop.com\/blog\/wp-json\/wp\/v2\/users\/1"}],"replies":[{"embeddable":true,"href":"https:\/\/www.pravelashop.com\/blog\/wp-json\/wp\/v2\/comments?post=75"}],"version-history":[{"count":36,"href":"https:\/\/www.pravelashop.com\/blog\/wp-json\/wp\/v2\/pages\/75\/revisions"}],"predecessor-version":[{"id":4998,"href":"https:\/\/www.pravelashop.com\/blog\/wp-json\/wp\/v2\/pages\/75\/revisions\/4998"}],"wp:attachment":[{"href":"https:\/\/www.pravelashop.com\/blog\/wp-json\/wp\/v2\/media?parent=75"}],"curies":[{"name":"wp","href":"https:\/\/api.w.org\/{rel}","templated":true}]}}